{"id":18797,"date":"2021-01-14T15:14:20","date_gmt":"2021-01-14T14:14:20","guid":{"rendered":"https:\/\/www.lyons-andelle-tourisme.com\/verblijf\/savourer\/marches\/"},"modified":"2022-08-05T12:55:38","modified_gmt":"2022-08-05T10:55:38","slug":"markten","status":"publish","type":"page","link":"https:\/\/www.lyons-andelle-tourisme.com\/nl\/verblijf\/genieten-van\/markten\/","title":{"rendered":"Markten"},"content":{"rendered":"\n<h2><strong>Slenter rond over de dorpsmarkten<\/strong><\/h2>\n\n\n\n<p>Doe in hun kraampjes inspiratie op voor het menu voor het avondeten.<\/p>\n\n\n\n<p>Let daarbij vooral op de <strong>verse<\/strong> en <strong>lokale<\/strong> producten die horen bij de leuke dingen van uw verblijf op het <strong>platteland<\/strong>.<\/p>\n\n\n\n<div class=\"wp-block-image\"><figure class=\"alignleft size-large\"><img loading=\"lazy\" width=\"1024\" height=\"732\" src=\"https:\/\/www.lyons-andelle-tourisme.com\/wp-content\/uploads\/2021\/01\/Marche-de-Lyons-\u00a9M-Mortecrette-Lyons-Andelle-Tourisme-1024x732.jpg\" alt=\"March\u00e9 de Lyons-la-For\u00eat\" class=\"wp-image-4673\"\/><figcaption>Markt van Lyons-la-For\u00eat \u00a9Mathilde Mortecrette Lyons Andelle Tourisme<\/figcaption><\/figure><\/div>\n\n\n\n<div style=\"height:29px\" aria-hidden=\"true\" class=\"wp-block-spacer\"><\/div>\n\n\n\n<h3>In Lyons Andelle<\/h3>\n\n\n\n<div style=\"height:29px\" aria-hidden=\"true\" class=\"wp-block-spacer\"><\/div>\n\n\n\n<ul class=\"is-style-default\"><li><strong><a aria-label=\" (opens in a new tab)\" href=\"https:\/\/www.openstreetmap.org\/?mlat=49.37026&amp;mlon=1.38167#map=17\/49.37026\/1.38167\" target=\"_blank\" rel=\"noreferrer noopener\" class=\"ek-link\">Charleval<\/a> :<\/strong> zaterdagochtend<\/li><\/ul>\n\n\n\n<ul class=\"is-style-default\"><li><strong><a aria-label=\"Fleury-sur-Andelle (opens in a new tab)\" href=\"https:\/\/www.openstreetmap.org\/?mlat=49.3609&amp;mlon=1.3567#map=16\/49.3609\/1.3567\" target=\"_blank\" rel=\"noreferrer noopener\" class=\"ek-link\">Fleury-sur-Andelle<\/a> :<\/strong> dinsdagochtend<\/li><\/ul>\n\n\n\n<ul class=\"is-style-default\"><li><strong><a aria-label=\"Lyons-la-For\u00eat (opens in a new tab)\" href=\"https:\/\/www.openstreetmap.org\/?mlat=49.3991&amp;mlon=1.4772#map=16\/49.3991\/1.4772\" target=\"_blank\" rel=\"noreferrer noopener\" class=\"ek-link\">Lyons-la-For\u00eat<\/a> :<\/strong> donderdagochtend, zaterdagochtend, zondagochtend<\/li><\/ul>\n\n\n\n<ul class=\"is-style-default\"><li><strong><a aria-label=\" (opens in a new tab)\" href=\"https:\/\/www.openstreetmap.org\/?mlat=49.33257&amp;mlon=1.27830#map=18\/49.33257\/1.27830\" target=\"_blank\" rel=\"noreferrer noopener\" class=\"ek-link\">Pont-Saint-Pierre<\/a> :<\/strong> zaterdagochtend<\/li><\/ul>\n\n\n\n<ul class=\"is-style-default\"><li><strong><a aria-label=\"Romilly-sur-Andelle (opens in a new tab)\" href=\"https:\/\/www.openstreetmap.org\/?mlat=49.33153&amp;mlon=1.25974#map=17\/49.33152\/1.25974\" target=\"_blank\" rel=\"noreferrer noopener\" class=\"ek-link\">Romilly-sur-Andelle<\/a> :<\/strong> vrijdagochtend<\/li><\/ul>\n\n\n\n<div style=\"height:25px\" aria-hidden=\"true\" class=\"wp-block-spacer\"><\/div>\n\n\n\n<h3>In onze omgeving<\/h3>\n\n\n\n<div style=\"height:25px\" aria-hidden=\"true\" class=\"wp-block-spacer\"><\/div>\n\n\n\n<ul class=\"is-style-default\"><li><strong><strong>\u00c9couis :<\/strong> <\/strong>vrijdagochtend<\/li><\/ul>\n\n\n\n<ul class=\"is-style-default\"><li><strong>\u00c9tr\u00e9pagny :<\/strong> woensdagochtend<\/li><\/ul>\n\n\n\n<ul class=\"is-style-default\"><li><strong>Gisors :<\/strong> vrijdagochtend, zondagochtend<\/li><\/ul>\n\n\n\n<ul class=\"is-style-default\"><li><strong>Gournay-en-Bray :<\/strong> dinsdagochtend, vrijdagochtend<\/li><\/ul>\n\n\n\n<ul class=\"is-style-default\"><li><strong>Les Andelys :<\/strong> zaterdagochtend<\/li><\/ul>\n\n\n\n<ul class=\"is-style-default\"><li><strong>Ry :<\/strong> zaterdagochtend<\/li><\/ul>\n\n\n\n<ul class=\"is-style-default\"><li><strong>Louviers :<\/strong> woensdagochtend, zaterdagochtend<\/li><\/ul>\n\n\n\n<ul class=\"is-style-default\"><li><strong>P\u00eetres :<\/strong> vrijdagochtend<\/li><\/ul>\n\n\n\n<ul class=\"is-style-default\"><li><strong>Vernon :<\/strong> woensdagochtend, zaterdag de hele dag<\/li><\/ul>\n","protected":false},"excerpt":{"rendered":"<p>Slenter rond over de dorpsmarkten Doe in hun kraampjes inspiratie op voor het menu voor het avondeten. Let daarbij vooral op de verse en lokale producten die horen bij de leuke dingen van uw verblijf op het platteland. In Lyons Andelle Charleval : zaterdagochtend Fleury-sur-Andelle : dinsdagochtend Lyons-la-For\u00eat : donderdagochtend, zaterdagochtend, zondagochtend Pont-Saint-Pierre : zaterdagochtend [&hellip;]<\/p>\n","protected":false},"author":1,"featured_media":16327,"parent":18796,"menu_order":2,"comment_status":"closed","ping_status":"closed","template":"","meta":{"_editorskit_title_hidden":false,"_editorskit_reading_time":1,"_editorskit_typography_data":[],"_editorskit_blocks_typography":""},"yoast_head":"<!-- This site is optimized with the Yoast SEO plugin v17.2 - https:\/\/yoast.com\/wordpress\/plugins\/seo\/ -->\n<title>Markten - Lyons Andelle Tourisme<\/title>\n<meta name=\"description\" content=\"March\u00e9s en Lyons Andelle : fl\u00e2nez sur nos march\u00e9s de villages et trouvez sur leurs \u00e9tals l\u2019inspiration pour le menu d\u2019un d\u00eener.\" \/>\n<meta name=\"robots\" content=\"index, follow, max-snippet:-1, max-image-preview:large, max-video-preview:-1\" \/>\n<link rel=\"canonical\" href=\"https:\/\/www.lyons-andelle-tourisme.com\/nl\/verblijf\/genieten-van\/markten\/\" \/>\n<meta property=\"og:locale\" content=\"nl_NL\" \/>\n<meta property=\"og:type\" content=\"article\" \/>\n<meta property=\"og:title\" content=\"Les march\u00e9s en Lyons Andelle : le plaisir retrouv\u00e9 de choisir des produits locaux !\" \/>\n<meta property=\"og:description\" content=\"Fl\u00e2nez sur nos march\u00e9s de villages et trouvez sur leurs \u00e9tals l\u2019inspiration pour le menu d\u2019un d\u00eener compos\u00e9 de produits frais et locaux.\" \/>\n<meta property=\"og:url\" content=\"https:\/\/www.lyons-andelle-tourisme.com\/nl\/verblijf\/genieten-van\/markten\/\" \/>\n<meta property=\"og:site_name\" content=\"Lyons Andelle Tourisme\" \/>\n<meta property=\"article:modified_time\" content=\"2022-08-05T10:55:38+00:00\" \/>\n<meta property=\"og:image\" content=\"https:\/\/www.lyons-andelle-tourisme.com\/wp-content\/uploads\/2020\/12\/Marche-sous-la-halle-Lyons-la-Foret-\u00a9Max-Coquard-Bestjobers-Eure-Tourisme.jpg\" \/>\n\t<meta property=\"og:image:width\" content=\"1500\" \/>\n\t<meta property=\"og:image:height\" content=\"1000\" \/>\n<meta name=\"twitter:card\" content=\"summary_large_image\" \/>\n<meta name=\"twitter:label1\" content=\"Geschatte leestijd\" \/>\n\t<meta name=\"twitter:data1\" content=\"1 minuut\" \/>\n<script type=\"application\/ld+json\" class=\"yoast-schema-graph\">{\"@context\":\"https:\/\/schema.org\",\"@graph\":[{\"@type\":\"WebSite\",\"@id\":\"https:\/\/www.lyons-andelle-tourisme.com\/#website\",\"url\":\"https:\/\/www.lyons-andelle-tourisme.com\/\",\"name\":\"Lyons Andelle Tourisme\",\"description\":\"L&#039;\\u00e9chapp\\u00e9e Belle Normande \\u00e0 1h30 de Paris\",\"potentialAction\":[{\"@type\":\"SearchAction\",\"target\":{\"@type\":\"EntryPoint\",\"urlTemplate\":\"https:\/\/www.lyons-andelle-tourisme.com\/?s={search_term_string}\"},\"query-input\":\"required name=search_term_string\"}],\"inLanguage\":\"nl\"},{\"@type\":\"ImageObject\",\"@id\":\"https:\/\/www.lyons-andelle-tourisme.com\/nl\/verblijf\/genieten-van\/markten\/#primaryimage\",\"inLanguage\":\"nl\",\"url\":\"https:\/\/www.lyons-andelle-tourisme.com\/wp-content\/uploads\/2020\/12\/Marche-sous-la-halle-Lyons-la-Foret-\\u00a9Max-Coquard-Bestjobers-Eure-Tourisme.jpg\",\"contentUrl\":\"https:\/\/www.lyons-andelle-tourisme.com\/wp-content\/uploads\/2020\/12\/Marche-sous-la-halle-Lyons-la-Foret-\\u00a9Max-Coquard-Bestjobers-Eure-Tourisme.jpg\",\"width\":1500,\"height\":1000,\"caption\":\"\\u00a9Max Coquard, Bestjobers\"},{\"@type\":\"WebPage\",\"@id\":\"https:\/\/www.lyons-andelle-tourisme.com\/nl\/verblijf\/genieten-van\/markten\/#webpage\",\"url\":\"https:\/\/www.lyons-andelle-tourisme.com\/nl\/verblijf\/genieten-van\/markten\/\",\"name\":\"Markten - Lyons Andelle Tourisme\",\"isPartOf\":{\"@id\":\"https:\/\/www.lyons-andelle-tourisme.com\/#website\"},\"primaryImageOfPage\":{\"@id\":\"https:\/\/www.lyons-andelle-tourisme.com\/nl\/verblijf\/genieten-van\/markten\/#primaryimage\"},\"datePublished\":\"2021-01-14T14:14:20+00:00\",\"dateModified\":\"2022-08-05T10:55:38+00:00\",\"description\":\"March\\u00e9s en Lyons Andelle : fl\\u00e2nez sur nos march\\u00e9s de villages et trouvez sur leurs \\u00e9tals l\\u2019inspiration pour le menu d\\u2019un d\\u00eener.\",\"breadcrumb\":{\"@id\":\"https:\/\/www.lyons-andelle-tourisme.com\/nl\/verblijf\/genieten-van\/markten\/#breadcrumb\"},\"inLanguage\":\"nl\",\"potentialAction\":[{\"@type\":\"ReadAction\",\"target\":[\"https:\/\/www.lyons-andelle-tourisme.com\/nl\/verblijf\/genieten-van\/markten\/\"]}]},{\"@type\":\"BreadcrumbList\",\"@id\":\"https:\/\/www.lyons-andelle-tourisme.com\/nl\/verblijf\/genieten-van\/markten\/#breadcrumb\",\"itemListElement\":[{\"@type\":\"ListItem\",\"position\":1,\"name\":\"Overnachten\",\"item\":\"https:\/\/www.lyons-andelle-tourisme.com\/nl\/verblijf\/\"},{\"@type\":\"ListItem\",\"position\":2,\"name\":\"Lekker genieten\",\"item\":\"https:\/\/www.lyons-andelle-tourisme.com\/nl\/verblijf\/genieten-van\/\"},{\"@type\":\"ListItem\",\"position\":3,\"name\":\"Markten\"}]}]}<\/script>\n<!-- \/ Yoast SEO plugin. -->","yoast_head_json":{"title":"Markten - Lyons Andelle Tourisme","description":"March\u00e9s en Lyons Andelle : fl\u00e2nez sur nos march\u00e9s de villages et trouvez sur leurs \u00e9tals l\u2019inspiration pour le menu d\u2019un d\u00eener.","robots":{"index":"index","follow":"follow","max-snippet":"max-snippet:-1","max-image-preview":"max-image-preview:large","max-video-preview":"max-video-preview:-1"},"canonical":"https:\/\/www.lyons-andelle-tourisme.com\/nl\/verblijf\/genieten-van\/markten\/","og_locale":"nl_NL","og_type":"article","og_title":"Les march\u00e9s en Lyons Andelle : le plaisir retrouv\u00e9 de choisir des produits locaux !","og_description":"Fl\u00e2nez sur nos march\u00e9s de villages et trouvez sur leurs \u00e9tals l\u2019inspiration pour le menu d\u2019un d\u00eener compos\u00e9 de produits frais et locaux.","og_url":"https:\/\/www.lyons-andelle-tourisme.com\/nl\/verblijf\/genieten-van\/markten\/","og_site_name":"Lyons Andelle Tourisme","article_modified_time":"2022-08-05T10:55:38+00:00","og_image":[{"width":1500,"height":1000,"url":"https:\/\/www.lyons-andelle-tourisme.com\/wp-content\/uploads\/2020\/12\/Marche-sous-la-halle-Lyons-la-Foret-\u00a9Max-Coquard-Bestjobers-Eure-Tourisme.jpg","path":"\/var\/www\/lyons-andelle-tourisme.com\/html\/wp-content\/uploads\/2020\/12\/Marche-sous-la-halle-Lyons-la-Foret-\u00a9Max-Coquard-Bestjobers-Eure-Tourisme.jpg","size":"full","id":"2034","alt":"\u00a9Max Coquard, Bestjobers","pixels":1500000,"type":"image\/jpeg"}],"twitter_card":"summary_large_image","twitter_misc":{"Geschatte leestijd":"1 minuut"},"schema":{"@context":"https:\/\/schema.org","@graph":[{"@type":"WebSite","@id":"https:\/\/www.lyons-andelle-tourisme.com\/#website","url":"https:\/\/www.lyons-andelle-tourisme.com\/","name":"Lyons Andelle Tourisme","description":"L&#039;\u00e9chapp\u00e9e Belle Normande \u00e0 1h30 de Paris","potentialAction":[{"@type":"SearchAction","target":{"@type":"EntryPoint","urlTemplate":"https:\/\/www.lyons-andelle-tourisme.com\/?s={search_term_string}"},"query-input":"required name=search_term_string"}],"inLanguage":"nl"},{"@type":"ImageObject","@id":"https:\/\/www.lyons-andelle-tourisme.com\/nl\/verblijf\/genieten-van\/markten\/#primaryimage","inLanguage":"nl","url":"https:\/\/www.lyons-andelle-tourisme.com\/wp-content\/uploads\/2020\/12\/Marche-sous-la-halle-Lyons-la-Foret-\u00a9Max-Coquard-Bestjobers-Eure-Tourisme.jpg","contentUrl":"https:\/\/www.lyons-andelle-tourisme.com\/wp-content\/uploads\/2020\/12\/Marche-sous-la-halle-Lyons-la-Foret-\u00a9Max-Coquard-Bestjobers-Eure-Tourisme.jpg","width":1500,"height":1000,"caption":"\u00a9Max Coquard, Bestjobers"},{"@type":"WebPage","@id":"https:\/\/www.lyons-andelle-tourisme.com\/nl\/verblijf\/genieten-van\/markten\/#webpage","url":"https:\/\/www.lyons-andelle-tourisme.com\/nl\/verblijf\/genieten-van\/markten\/","name":"Markten - Lyons Andelle Tourisme","isPartOf":{"@id":"https:\/\/www.lyons-andelle-tourisme.com\/#website"},"primaryImageOfPage":{"@id":"https:\/\/www.lyons-andelle-tourisme.com\/nl\/verblijf\/genieten-van\/markten\/#primaryimage"},"datePublished":"2021-01-14T14:14:20+00:00","dateModified":"2022-08-05T10:55:38+00:00","description":"March\u00e9s en Lyons Andelle : fl\u00e2nez sur nos march\u00e9s de villages et trouvez sur leurs \u00e9tals l\u2019inspiration pour le menu d\u2019un d\u00eener.","breadcrumb":{"@id":"https:\/\/www.lyons-andelle-tourisme.com\/nl\/verblijf\/genieten-van\/markten\/#breadcrumb"},"inLanguage":"nl","potentialAction":[{"@type":"ReadAction","target":["https:\/\/www.lyons-andelle-tourisme.com\/nl\/verblijf\/genieten-van\/markten\/"]}]},{"@type":"BreadcrumbList","@id":"https:\/\/www.lyons-andelle-tourisme.com\/nl\/verblijf\/genieten-van\/markten\/#breadcrumb","itemListElement":[{"@type":"ListItem","position":1,"name":"Overnachten","item":"https:\/\/www.lyons-andelle-tourisme.com\/nl\/verblijf\/"},{"@type":"ListItem","position":2,"name":"Lekker genieten","item":"https:\/\/www.lyons-andelle-tourisme.com\/nl\/verblijf\/genieten-van\/"},{"@type":"ListItem","position":3,"name":"Markten"}]}]}},"_links":{"self":[{"href":"https:\/\/www.lyons-andelle-tourisme.com\/nl\/wp-json\/wp\/v2\/pages\/18797"}],"collection":[{"href":"https:\/\/www.lyons-andelle-tourisme.com\/nl\/wp-json\/wp\/v2\/pages"}],"about":[{"href":"https:\/\/www.lyons-andelle-tourisme.com\/nl\/wp-json\/wp\/v2\/types\/page"}],"author":[{"embeddable":true,"href":"https:\/\/www.lyons-andelle-tourisme.com\/nl\/wp-json\/wp\/v2\/users\/1"}],"replies":[{"embeddable":true,"href":"https:\/\/www.lyons-andelle-tourisme.com\/nl\/wp-json\/wp\/v2\/comments?post=18797"}],"version-history":[{"count":3,"href":"https:\/\/www.lyons-andelle-tourisme.com\/nl\/wp-json\/wp\/v2\/pages\/18797\/revisions"}],"predecessor-version":[{"id":124577,"href":"https:\/\/www.lyons-andelle-tourisme.com\/nl\/wp-json\/wp\/v2\/pages\/18797\/revisions\/124577"}],"up":[{"embeddable":true,"href":"https:\/\/www.lyons-andelle-tourisme.com\/nl\/wp-json\/wp\/v2\/pages\/18796"}],"wp:featuredmedia":[{"embeddable":true,"href":"https:\/\/www.lyons-andelle-tourisme.com\/nl\/wp-json\/wp\/v2\/media\/16327"}],"wp:attachment":[{"href":"https:\/\/www.lyons-andelle-tourisme.com\/nl\/wp-json\/wp\/v2\/media?parent=18797"}],"curies":[{"name":"wp","href":"https:\/\/api.w.org\/{rel}","templated":true}]}}